{"id":50557,"date":"2025-08-28T11:03:12","date_gmt":"2025-08-28T11:03:12","guid":{"rendered":"https:\/\/newvt.verticaltechnik.ch\/product\/park-triple-curved\/"},"modified":"2025-08-28T11:03:12","modified_gmt":"2025-08-28T11:03:12","slug":"park-triple-curved","status":"publish","type":"product","link":"https:\/\/verticaltechnik.ch\/fr\/produit\/park-triple-curved\/","title":{"rendered":"PARK TRIPLE CURVED"},"content":{"rendered":"<p>Une l\u00e9g\u00e8re courbure lorsque les choses ne se passent pas comme pr\u00e9vu.<\/p>\n<p>La Park Edition en FIBERGLAS, avec sa chauss\u00e9e extra large, assure un plaisir de conduite encore plus rapide et une s\u00e9curit\u00e9 maximale sur le Pumptrack modulaire. Pr\u00e9f\u00e9r\u00e9 pour une utilisation permanente, mais aussi possible en mobilit\u00e9 limit\u00e9e ! <\/p>\n","protected":false},"excerpt":{"rendered":"<p>Une l\u00e9g\u00e8re courbure lorsque les choses ne se passent pas comme pr\u00e9vu. La Park Edition en FIBERGLAS, avec sa chauss\u00e9e extra large, assure un plaisir de conduite encore plus rapide&#8230;<\/p>\n","protected":false},"featured_media":47471,"template":"","meta":[],"product_brand":[],"product_cat":[12039],"product_tag":[],"class_list":{"0":"post-50557","1":"product","2":"type-product","3":"status-publish","4":"has-post-thumbnail","6":"product_cat-park-edition","8":"first","9":"instock","10":"shipping-taxable","11":"purchasable","12":"product-type-simple"},"_links":{"self":[{"href":"https:\/\/verticaltechnik.ch\/fr\/wp-json\/wp\/v2\/product\/50557","targetHints":{"allow":["GET"]}}],"collection":[{"href":"https:\/\/verticaltechnik.ch\/fr\/wp-json\/wp\/v2\/product"}],"about":[{"href":"https:\/\/verticaltechnik.ch\/fr\/wp-json\/wp\/v2\/types\/product"}],"wp:featuredmedia":[{"embeddable":true,"href":"https:\/\/verticaltechnik.ch\/fr\/wp-json\/wp\/v2\/media\/47471"}],"wp:attachment":[{"href":"https:\/\/verticaltechnik.ch\/fr\/wp-json\/wp\/v2\/media?parent=50557"}],"wp:term":[{"taxonomy":"product_brand","embeddable":true,"href":"https:\/\/verticaltechnik.ch\/fr\/wp-json\/wp\/v2\/product_brand?post=50557"},{"taxonomy":"product_cat","embeddable":true,"href":"https:\/\/verticaltechnik.ch\/fr\/wp-json\/wp\/v2\/product_cat?post=50557"},{"taxonomy":"product_tag","embeddable":true,"href":"https:\/\/verticaltechnik.ch\/fr\/wp-json\/wp\/v2\/product_tag?post=50557"}],"curies":[{"name":"wp","href":"https:\/\/api.w.org\/{rel}","templated":true}]}}